{"id":3080,"date":"2023-04-17T10:29:10","date_gmt":"2023-04-17T08:29:10","guid":{"rendered":"https:\/\/matuile.com\/media\/?page_id=3080"},"modified":"2023-05-15T14:43:02","modified_gmt":"2023-05-15T12:43:02","slug":"les-dates-cles-matuile","status":"publish","type":"page","link":"https:\/\/matuile.com\/media\/les-dates-cles-matuile\/","title":{"rendered":"Les dates cl\u00e9s"},"content":{"rendered":"<div class=\"wp-block-image\"><figure class=\"aligncenter size-large\"><img decoding=\"async\" width=\"1024\" height=\"682\" src=\"https:\/\/matuile.com\/media\/wp-content\/uploads\/2022\/11\/pexels-run-ffwpu-13158594-1024x682.jpg\" alt=\"Les dates cl\u00e9s : un long chemin parcouru\" class=\"wp-image-5361\" srcset=\"https:\/\/matuile.com\/media\/wp-content\/uploads\/2022\/11\/pexels-run-ffwpu-13158594-1024x682.jpg 1024w, https:\/\/matuile.com\/media\/wp-content\/uploads\/2022\/11\/pexels-run-ffwpu-13158594-600x400.jpg 600w, https:\/\/matuile.com\/media\/wp-content\/uploads\/2022\/11\/pexels-run-ffwpu-13158594-300x200.jpg 300w, https:\/\/matuile.com\/media\/wp-content\/uploads\/2022\/11\/pexels-run-ffwpu-13158594-768x512.jpg 768w, https:\/\/matuile.com\/media\/wp-content\/uploads\/2022\/11\/pexels-run-ffwpu-13158594-360x240.jpg 360w, https:\/\/matuile.com\/media\/wp-content\/uploads\/2022\/11\/pexels-run-ffwpu-13158594.jpg 1280w\" sizes=\"(max-width: 1024px) 100vw, 1024px\" \/><figcaption class=\"wp-element-caption\"><strong>Un long chemin parcouru<\/strong><\/figcaption><\/figure><\/div><div style=\"height:50px\" aria-hidden=\"true\" class=\"wp-block-spacer\"><\/div><h1 class=\"wp-block-heading has-text-align-center has-white-color has-text-color has-background has-x-large-font-size\" style=\"background-color:#d86031\">2015<\/h1><p style=\"font-size:16px;font-style:normal;font-weight:100\">Sacr\u00e9e ann\u00e9e 2015&nbsp;!<\/p><p style=\"font-size:16px;font-style:normal;font-weight:100\">Un tournant pour nous, c\u2019est l\u2019ann\u00e9e du d\u00e9clic&nbsp;!<\/p><p style=\"font-size:16px;font-style:normal;font-weight:100\">Pendant de longues ann\u00e9es nous avons travaill\u00e9 dans la m\u00eame entreprise, dans le m\u00eame service. Nous avions notre routine comme la plupart des personnes. Le m\u00eame train-train, les m\u00eames habitudes. Toujours le m\u00eame caf\u00e9 de la machine \u00e0 caf\u00e9 \u00e0 8h45. Le m\u00eame croissant industriel aval\u00e9 devant un dossier. Toujours une pause \u00e0 10 heures puis la traditionnelle seconde pause de 16 heures.<\/p><p style=\"font-size:16px;font-style:normal;font-weight:100\">Ces pauses nous les faisions dans le patio d\u2019un immeuble de bureaux.<\/p><p style=\"font-size:16px;font-style:normal;font-weight:100\">C\u2019est cette ann\u00e9e o\u00f9 nous avons v\u00e9cu le plus de gal\u00e8res (le serrurier v\u00e9reux, l&rsquo;ambulance indisponible, le r\u00e9parateur informatique injoignable\u2026).<\/p><p style=\"font-size:16px;font-style:normal;font-weight:100\">Il fallait que l\u2019on bouge, que l\u2019on cr\u00e9e quelque chose pour aider les autres.<\/p><p style=\"font-size:16px;font-style:normal;font-weight:100\">On s\u2019est laiss\u00e9 l\u2019\u00e9t\u00e9 puis le reste de l\u2019ann\u00e9e pour plancher sur le projet tout en conservant nos emplois.<\/p><div style=\"height:50px\" aria-hidden=\"true\" class=\"wp-block-spacer\"><\/div><h1 class=\"wp-block-heading has-text-align-center has-white-color has-text-color has-background has-x-large-font-size\" style=\"background-color:#d86031\">2016<\/h1><p style=\"font-size:16px;font-style:normal;font-weight:100\">L\u2019entreprise est n\u00e9e&nbsp;un mois de juillet ensoleill\u00e9&nbsp;!<\/p><p style=\"font-size:16px;font-style:normal;font-weight:100\">On a pass\u00e9 pr\u00e8s d\u2019un an \u00e0 travailler sur le projet. On l\u2019a affin\u00e9, travaill\u00e9 et retravaill\u00e9. Parfois on est reparti de z\u00e9ro.<\/p><p style=\"font-size:16px;font-style:normal;font-weight:100\">On a commenc\u00e9 \u00e0 faire des demandes de devis. On a encha\u00een\u00e9 les rendez-vous avec des agences web. Nous sommes souvent sortis d\u00e9\u00e7us de nos rencontres. \u00c7a sentait trop le travail \u00e0 la cha\u00eene, le travail b\u00e2cl\u00e9 avec la seule volont\u00e9 de nous soutirer un ch\u00e8que le plus vite possible.<\/p><p style=\"font-size:16px;font-style:normal;font-weight:100\">Jusqu\u2019\u00e0 la fameuse rencontre avec nos d\u00e9veloppeurs. Un accueil chaleureux. Un souci du projet et un v\u00e9ritable int\u00e9r\u00eat pour nos personnes. Tr\u00e8s vite on comprend que nous allons travailler ensemble.<\/p><p style=\"font-size:16px;font-style:normal;font-weight:100\">On d\u00e9cide alors de cr\u00e9er au mois de juillet la soci\u00e9t\u00e9 pour lui donner une existence officielle et que chaque d\u00e9veloppement soit pay\u00e9 par la soci\u00e9t\u00e9 elle-m\u00eame.<\/p><div style=\"height:50px\" aria-hidden=\"true\" class=\"wp-block-spacer\"><\/div><h2 class=\"wp-block-heading has-text-align-center has-white-color has-text-color has-background has-x-large-font-size\" style=\"background-color:#d86031\">2020<\/h2><p style=\"font-size:16px;font-style:normal;font-weight:100\">Vous allez nous dire que s\u2019est-il pass\u00e9 pendant ces 4 ans&nbsp;?<\/p><p style=\"font-size:16px;font-style:normal;font-weight:100\">5 gros chantiers se sont ajout\u00e9s au premier. On s\u2019est vite rendu compte que les premiers d\u00e9veloppements \u00e9taient trop limit\u00e9s par rapport \u00e0 ce que l\u2019on voulait faire.<\/p><p style=\"font-size:16px;font-style:normal;font-weight:100\">Alors on l&rsquo;a d\u00e9velopp\u00e9 et beaucoup test\u00e9 aussi.<\/p><p style=\"font-size:16px;font-style:normal;font-weight:100\">Ces d\u00e9veloppements ont n\u00e9cessit\u00e9 plus d&rsquo;argent \u00e9galement. Il a fallu trouver des solutions pour permettre au projet de voir le jour.<\/p><p style=\"font-size:16px;font-style:normal;font-weight:100\">La crise sanitaire est arriv\u00e9e : le ch\u00f4mage technique et des d\u00e9veloppements au ralenti. Pour autant, nous n\u2019avons jamais l\u00e2ch\u00e9 !<\/p><p style=\"font-size:16px;font-style:normal;font-weight:100\">Si on nous avait dit que tous les d\u00e9veloppements allaient prendre autant de temps, on ne l\u2019aurait pas cru.<\/p><p style=\"font-size:16px;font-style:normal;font-weight:100\">Le moteur a fait l\u2019objet de plus de 35 000 tests avant d\u2019\u00eatre lanc\u00e9 !<\/p><p style=\"font-size:16px;font-style:normal;font-weight:100\">On voulait qu\u2019il soit fiable, de qualit\u00e9 et qu\u2019il puisse monter rapidement dans les tours.<\/p><div style=\"height:50px\" aria-hidden=\"true\" class=\"wp-block-spacer\"><\/div><h2 class=\"wp-block-heading has-text-align-center has-white-color has-text-color has-background has-x-large-font-size\" style=\"background-color:#d86031\">2021<\/h2><p style=\"font-size:16px;font-style:normal;font-weight:100\">Le moteur termin\u00e9, on d\u00e9cide de lancer deux grands projets :<\/p><ul class=\"wp-block-list\" style=\"font-style:normal;font-weight:100\"><li style=\"font-size:16px;font-style:normal;font-weight:100\">\u00ab L\u2019appli Matuile PRO \u00bb : on cr\u00e9e une application mobile pour permettre aux professionnels de g\u00e9rer leurs interventions directement depuis leur t\u00e9l\u00e9phone ;<\/li>\n\n<li style=\"font-size:16px;font-style:normal;font-weight:100\">\u00ab M\u00e9dia \u00bb : on ajoute un site d\u2019information au moteur pour faire de la pr\u00e9vention, informer en temps r\u00e9el et f\u00e9d\u00e9rer notre communaut\u00e9.<\/li><\/ul><div style=\"height:50px\" aria-hidden=\"true\" class=\"wp-block-spacer\"><\/div><h2 class=\"wp-block-heading has-text-align-center has-white-color has-text-color has-background has-x-large-font-size\" style=\"background-color:#d86031\">2023<\/h2><p style=\"font-size:16px;font-style:normal;font-weight:100\">Le lancement&nbsp;!<\/p><p style=\"font-size:16px;font-style:normal;font-weight:100\">Toutes ces ann\u00e9es nous ont appris la r\u00e9silience.<\/p><p style=\"font-size:16px;font-style:normal;font-weight:100\">Nous avons appris que rien n\u2019est facile et que dans la difficult\u00e9 il faut faire face et ne jamais abandonner.<\/p><p style=\"font-size:16px;font-style:normal;font-weight:100\">Nous voil\u00e0 enfin pr\u00eats pour vous et \u00e0 votre service.<\/p>","protected":false},"excerpt":{"rendered":"<p>2015 Sacr\u00e9e ann\u00e9e 2015&nbsp;! Un tournant pour nous, c\u2019est l\u2019ann\u00e9e du d\u00e9clic&nbsp;! Pendant de longues ann\u00e9es nous avons travaill\u00e9 dans la m\u00eame&#8230;<\/p>\n","protected":false},"author":3,"featured_media":0,"parent":0,"menu_order":0,"comment_status":"closed","ping_status":"closed","template":"","meta":{"inline_featured_image":false,"footnotes":""},"class_list":["post-3080","page","type-page","status-publish"],"acf":[],"yoast_head":"<!-- This site is optimized with the Yoast SEO plugin v27.5 - https:\/\/yoast.com\/product\/yoast-seo-wordpress\/ -->\n<title>Les dates cl\u00e9s - Matuile<\/title>\n<meta name=\"description\" content=\"Sous l&#039;impulsion de deux fondateurs, matuile voit le jour le 11 juillet 2016. D\u00e9couvrez ses origines et son d\u00e9veloppement en quelques dates cl\u00e9s.\" \/>\n<meta name=\"robots\" content=\"index, follow, max-snippet:-1, max-image-preview:large, max-video-preview:-1\" \/>\n<link rel=\"canonical\" href=\"https:\/\/matuile.com\/media\/les-dates-cles-matuile\/\" \/>\n<meta property=\"og:locale\" content=\"fr_FR\" \/>\n<meta property=\"og:type\" content=\"article\" \/>\n<meta property=\"og:title\" content=\"Les dates cl\u00e9s - Matuile\" \/>\n<meta property=\"og:description\" content=\"Sous l&#039;impulsion de deux fondateurs, matuile voit le jour le 11 juillet 2016. D\u00e9couvrez ses origines et son d\u00e9veloppement en quelques dates cl\u00e9s.\" \/>\n<meta property=\"og:url\" content=\"https:\/\/matuile.com\/media\/les-dates-cles-matuile\/\" \/>\n<meta property=\"og:site_name\" content=\"Matuile\" \/>\n<meta property=\"article:modified_time\" content=\"2023-05-15T12:43:02+00:00\" \/>\n<meta property=\"og:image\" content=\"https:\/\/matuile.com\/media\/wp-content\/uploads\/2022\/11\/pexels-run-ffwpu-13158594-1024x682.jpg\" \/>\n<meta name=\"twitter:card\" content=\"summary_large_image\" \/>\n<meta name=\"twitter:label1\" content=\"Dur\u00e9e de lecture estim\u00e9e\" \/>\n\t<meta name=\"twitter:data1\" content=\"3 minutes\" \/>\n<script type=\"application\/ld+json\" class=\"yoast-schema-graph\">{\"@context\":\"https:\\\/\\\/schema.org\",\"@graph\":[{\"@type\":\"WebPage\",\"@id\":\"https:\\\/\\\/matuile.com\\\/media\\\/les-dates-cles-matuile\\\/\",\"url\":\"https:\\\/\\\/matuile.com\\\/media\\\/les-dates-cles-matuile\\\/\",\"name\":\"Les dates cl\u00e9s - Matuile\",\"isPartOf\":{\"@id\":\"https:\\\/\\\/matuile.com\\\/media\\\/#website\"},\"primaryImageOfPage\":{\"@id\":\"https:\\\/\\\/matuile.com\\\/media\\\/les-dates-cles-matuile\\\/#primaryimage\"},\"image\":{\"@id\":\"https:\\\/\\\/matuile.com\\\/media\\\/les-dates-cles-matuile\\\/#primaryimage\"},\"thumbnailUrl\":\"https:\\\/\\\/matuile.com\\\/media\\\/wp-content\\\/uploads\\\/2022\\\/11\\\/pexels-run-ffwpu-13158594-1024x682.jpg\",\"datePublished\":\"2023-04-17T08:29:10+00:00\",\"dateModified\":\"2023-05-15T12:43:02+00:00\",\"description\":\"Sous l'impulsion de deux fondateurs, matuile voit le jour le 11 juillet 2016. D\u00e9couvrez ses origines et son d\u00e9veloppement en quelques dates cl\u00e9s.\",\"breadcrumb\":{\"@id\":\"https:\\\/\\\/matuile.com\\\/media\\\/les-dates-cles-matuile\\\/#breadcrumb\"},\"inLanguage\":\"fr-FR\",\"potentialAction\":[{\"@type\":\"ReadAction\",\"target\":[\"https:\\\/\\\/matuile.com\\\/media\\\/les-dates-cles-matuile\\\/\"]}]},{\"@type\":\"ImageObject\",\"inLanguage\":\"fr-FR\",\"@id\":\"https:\\\/\\\/matuile.com\\\/media\\\/les-dates-cles-matuile\\\/#primaryimage\",\"url\":\"https:\\\/\\\/matuile.com\\\/media\\\/wp-content\\\/uploads\\\/2022\\\/11\\\/pexels-run-ffwpu-13158594.jpg\",\"contentUrl\":\"https:\\\/\\\/matuile.com\\\/media\\\/wp-content\\\/uploads\\\/2022\\\/11\\\/pexels-run-ffwpu-13158594.jpg\",\"width\":1280,\"height\":853},{\"@type\":\"BreadcrumbList\",\"@id\":\"https:\\\/\\\/matuile.com\\\/media\\\/les-dates-cles-matuile\\\/#breadcrumb\",\"itemListElement\":[{\"@type\":\"ListItem\",\"position\":1,\"name\":\"Accueil\",\"item\":\"https:\\\/\\\/matuile.com\\\/media\\\/\"},{\"@type\":\"ListItem\",\"position\":2,\"name\":\"Les dates cl\u00e9s\"}]},{\"@type\":\"WebSite\",\"@id\":\"https:\\\/\\\/matuile.com\\\/media\\\/#website\",\"url\":\"https:\\\/\\\/matuile.com\\\/media\\\/\",\"name\":\"Matuile Blog\",\"description\":\"La solution \u00e0 votre urgence\",\"publisher\":{\"@id\":\"https:\\\/\\\/matuile.com\\\/media\\\/#organization\"},\"alternateName\":\"Matuile\",\"potentialAction\":[{\"@type\":\"SearchAction\",\"target\":{\"@type\":\"EntryPoint\",\"urlTemplate\":\"https:\\\/\\\/matuile.com\\\/media\\\/?s={search_term_string}\"},\"query-input\":{\"@type\":\"PropertyValueSpecification\",\"valueRequired\":true,\"valueName\":\"search_term_string\"}}],\"inLanguage\":\"fr-FR\"},{\"@type\":\"Organization\",\"@id\":\"https:\\\/\\\/matuile.com\\\/media\\\/#organization\",\"name\":\"Matuile\",\"url\":\"https:\\\/\\\/matuile.com\\\/media\\\/\",\"logo\":{\"@type\":\"ImageObject\",\"inLanguage\":\"fr-FR\",\"@id\":\"https:\\\/\\\/matuile.com\\\/media\\\/#\\\/schema\\\/logo\\\/image\\\/\",\"url\":\"https:\\\/\\\/matuile.com\\\/media\\\/wp-content\\\/uploads\\\/2023\\\/04\\\/Matuile.png\",\"contentUrl\":\"https:\\\/\\\/matuile.com\\\/media\\\/wp-content\\\/uploads\\\/2023\\\/04\\\/Matuile.png\",\"width\":700,\"height\":700,\"caption\":\"Matuile\"},\"image\":{\"@id\":\"https:\\\/\\\/matuile.com\\\/media\\\/#\\\/schema\\\/logo\\\/image\\\/\"}}]}<\/script>\n<!-- \/ Yoast SEO plugin. -->","yoast_head_json":{"title":"Les dates cl\u00e9s - Matuile","description":"Sous l'impulsion de deux fondateurs, matuile voit le jour le 11 juillet 2016. D\u00e9couvrez ses origines et son d\u00e9veloppement en quelques dates cl\u00e9s.","robots":{"index":"index","follow":"follow","max-snippet":"max-snippet:-1","max-image-preview":"max-image-preview:large","max-video-preview":"max-video-preview:-1"},"canonical":"https:\/\/matuile.com\/media\/les-dates-cles-matuile\/","og_locale":"fr_FR","og_type":"article","og_title":"Les dates cl\u00e9s - Matuile","og_description":"Sous l'impulsion de deux fondateurs, matuile voit le jour le 11 juillet 2016. D\u00e9couvrez ses origines et son d\u00e9veloppement en quelques dates cl\u00e9s.","og_url":"https:\/\/matuile.com\/media\/les-dates-cles-matuile\/","og_site_name":"Matuile","article_modified_time":"2023-05-15T12:43:02+00:00","og_image":[{"url":"https:\/\/matuile.com\/media\/wp-content\/uploads\/2022\/11\/pexels-run-ffwpu-13158594-1024x682.jpg","type":"","width":"","height":""}],"twitter_card":"summary_large_image","twitter_misc":{"Dur\u00e9e de lecture estim\u00e9e":"3 minutes"},"schema":{"@context":"https:\/\/schema.org","@graph":[{"@type":"WebPage","@id":"https:\/\/matuile.com\/media\/les-dates-cles-matuile\/","url":"https:\/\/matuile.com\/media\/les-dates-cles-matuile\/","name":"Les dates cl\u00e9s - Matuile","isPartOf":{"@id":"https:\/\/matuile.com\/media\/#website"},"primaryImageOfPage":{"@id":"https:\/\/matuile.com\/media\/les-dates-cles-matuile\/#primaryimage"},"image":{"@id":"https:\/\/matuile.com\/media\/les-dates-cles-matuile\/#primaryimage"},"thumbnailUrl":"https:\/\/matuile.com\/media\/wp-content\/uploads\/2022\/11\/pexels-run-ffwpu-13158594-1024x682.jpg","datePublished":"2023-04-17T08:29:10+00:00","dateModified":"2023-05-15T12:43:02+00:00","description":"Sous l'impulsion de deux fondateurs, matuile voit le jour le 11 juillet 2016. D\u00e9couvrez ses origines et son d\u00e9veloppement en quelques dates cl\u00e9s.","breadcrumb":{"@id":"https:\/\/matuile.com\/media\/les-dates-cles-matuile\/#breadcrumb"},"inLanguage":"fr-FR","potentialAction":[{"@type":"ReadAction","target":["https:\/\/matuile.com\/media\/les-dates-cles-matuile\/"]}]},{"@type":"ImageObject","inLanguage":"fr-FR","@id":"https:\/\/matuile.com\/media\/les-dates-cles-matuile\/#primaryimage","url":"https:\/\/matuile.com\/media\/wp-content\/uploads\/2022\/11\/pexels-run-ffwpu-13158594.jpg","contentUrl":"https:\/\/matuile.com\/media\/wp-content\/uploads\/2022\/11\/pexels-run-ffwpu-13158594.jpg","width":1280,"height":853},{"@type":"BreadcrumbList","@id":"https:\/\/matuile.com\/media\/les-dates-cles-matuile\/#breadcrumb","itemListElement":[{"@type":"ListItem","position":1,"name":"Accueil","item":"https:\/\/matuile.com\/media\/"},{"@type":"ListItem","position":2,"name":"Les dates cl\u00e9s"}]},{"@type":"WebSite","@id":"https:\/\/matuile.com\/media\/#website","url":"https:\/\/matuile.com\/media\/","name":"Matuile Blog","description":"La solution \u00e0 votre urgence","publisher":{"@id":"https:\/\/matuile.com\/media\/#organization"},"alternateName":"Matuile","potentialAction":[{"@type":"SearchAction","target":{"@type":"EntryPoint","urlTemplate":"https:\/\/matuile.com\/media\/?s={search_term_string}"},"query-input":{"@type":"PropertyValueSpecification","valueRequired":true,"valueName":"search_term_string"}}],"inLanguage":"fr-FR"},{"@type":"Organization","@id":"https:\/\/matuile.com\/media\/#organization","name":"Matuile","url":"https:\/\/matuile.com\/media\/","logo":{"@type":"ImageObject","inLanguage":"fr-FR","@id":"https:\/\/matuile.com\/media\/#\/schema\/logo\/image\/","url":"https:\/\/matuile.com\/media\/wp-content\/uploads\/2023\/04\/Matuile.png","contentUrl":"https:\/\/matuile.com\/media\/wp-content\/uploads\/2023\/04\/Matuile.png","width":700,"height":700,"caption":"Matuile"},"image":{"@id":"https:\/\/matuile.com\/media\/#\/schema\/logo\/image\/"}}]}},"_links":{"self":[{"href":"https:\/\/matuile.com\/media\/wp-json\/wp\/v2\/pages\/3080","targetHints":{"allow":["GET"]}}],"collection":[{"href":"https:\/\/matuile.com\/media\/wp-json\/wp\/v2\/pages"}],"about":[{"href":"https:\/\/matuile.com\/media\/wp-json\/wp\/v2\/types\/page"}],"author":[{"embeddable":true,"href":"https:\/\/matuile.com\/media\/wp-json\/wp\/v2\/users\/3"}],"replies":[{"embeddable":true,"href":"https:\/\/matuile.com\/media\/wp-json\/wp\/v2\/comments?post=3080"}],"version-history":[{"count":45,"href":"https:\/\/matuile.com\/media\/wp-json\/wp\/v2\/pages\/3080\/revisions"}],"predecessor-version":[{"id":13514,"href":"https:\/\/matuile.com\/media\/wp-json\/wp\/v2\/pages\/3080\/revisions\/13514"}],"wp:attachment":[{"href":"https:\/\/matuile.com\/media\/wp-json\/wp\/v2\/media?parent=3080"}],"curies":[{"name":"wp","href":"https:\/\/api.w.org\/{rel}","templated":true}]}}